{"id":63360,"date":"2023-12-19T10:04:55","date_gmt":"2023-12-19T09:04:55","guid":{"rendered":"https:\/\/colegioaleman.net\/blog\/"},"modified":"2024-06-27T08:06:38","modified_gmt":"2024-06-27T06:06:38","slug":"blog","status":"publish","type":"page","link":"https:\/\/colegioaleman.net\/de\/blog\/","title":{"rendered":"Blog"},"content":{"rendered":"\t\t<div data-elementor-type=\"wp-page\" data-elementor-id=\"63360\" class=\"elementor elementor-63360 elementor-214\" data-elementor-post-type=\"page\">\n\t\t\t\t\t\t<section class=\"elementor-section elementor-top-section elementor-element elementor-element-e3c6d21 elementor-section-boxed elementor-section-height-default elementor-section-height-default\" data-id=\"e3c6d21\" data-element_type=\"section\" data-e-type=\"section\">\n\t\t\t\t\t\t<div class=\"elementor-container elementor-column-gap-default\">\n\t\t\t\t\t<div class=\"elementor-column elementor-col-100 elementor-top-column elementor-element elementor-element-700d8af\" data-id=\"700d8af\" data-element_type=\"column\" data-e-type=\"column\">\n\t\t\t<div class=\"elementor-widget-wrap elementor-element-populated\">\n\t\t\t\t\t\t<div class=\"elementor-element elementor-element-424b406 elementor-widget elementor-widget-heading\" data-id=\"424b406\" data-element_type=\"widget\" data-e-type=\"widget\" data-widget_type=\"heading.default\">\n\t\t\t\t<div class=\"elementor-widget-container\">\n\t\t\t\t\t<h1 class=\"elementor-heading-title elementor-size-default\">Blog<\/h1>\t\t\t\t<\/div>\n\t\t\t\t<\/div>\n\t\t\t\t\t<\/div>\n\t\t<\/div>\n\t\t\t\t\t<\/div>\n\t\t<\/section>\n\t\t\t\t<section class=\"elementor-section elementor-top-section elementor-element elementor-element-0a80501 elementor-section-full_width elementor-section-height-default elementor-section-height-default\" data-id=\"0a80501\" data-element_type=\"section\" data-e-type=\"section\">\n\t\t\t\t\t\t<div class=\"elementor-container elementor-column-gap-default\">\n\t\t\t\t\t<div class=\"elementor-column elementor-col-50 elementor-top-column elementor-element elementor-element-a28abe2\" data-id=\"a28abe2\" data-element_type=\"column\" data-e-type=\"column\">\n\t\t\t<div class=\"elementor-widget-wrap elementor-element-populated\">\n\t\t\t\t\t\t<div class=\"elementor-element elementor-element-c479f5e elementor-search-form--skin-classic elementor-search-form--button-type-icon elementor-search-form--icon-search elementor-widget elementor-widget-search-form\" data-id=\"c479f5e\" data-element_type=\"widget\" data-e-type=\"widget\" data-settings=\"{&quot;skin&quot;:&quot;classic&quot;}\" data-widget_type=\"search-form.default\">\n\t\t\t\t<div class=\"elementor-widget-container\">\n\t\t\t\t\t\t\t<search role=\"search\">\n\t\t\t<form class=\"elementor-search-form\" action=\"https:\/\/colegioaleman.net\/de\/\" method=\"get\">\n\t\t\t\t\t\t\t\t\t\t\t\t<div class=\"elementor-search-form__container\">\n\t\t\t\t\t<label class=\"elementor-screen-only\" for=\"elementor-search-form-c479f5e\">Suche<\/label>\n\n\t\t\t\t\t\n\t\t\t\t\t<input id=\"elementor-search-form-c479f5e\" placeholder=\"Suchen...\" class=\"elementor-search-form__input\" type=\"search\" name=\"s\" value=\"\">\n\t\t\t\t\t<input type='hidden' name='lang' value='de' \/>\n\t\t\t\t\t\t\t\t\t\t\t<button class=\"elementor-search-form__submit\" type=\"submit\" aria-label=\"Suche\">\n\t\t\t\t\t\t\t\t\t\t\t\t\t\t\t<i aria-hidden=\"true\" class=\"fas fa-search\"><\/i>\t\t\t\t\t\t\t\t\t\t\t\t\t<\/button>\n\t\t\t\t\t\n\t\t\t\t\t\t\t\t\t<\/div>\n\t\t\t<\/form>\n\t\t<\/search>\n\t\t\t\t\t\t<\/div>\n\t\t\t\t<\/div>\n\t\t\t\t<div class=\"elementor-element elementor-element-4885fb5 elementor-nav-menu__align-start elementor-nav-menu--dropdown-mobile elementor-nav-menu__text-align-aside elementor-nav-menu--toggle elementor-nav-menu--burger elementor-widget elementor-widget-nav-menu\" data-id=\"4885fb5\" data-element_type=\"widget\" data-e-type=\"widget\" data-settings=\"{&quot;layout&quot;:&quot;vertical&quot;,&quot;submenu_icon&quot;:{&quot;value&quot;:&quot;&lt;i class=\\&quot;fas fa-caret-down\\&quot; aria-hidden=\\&quot;true\\&quot;&gt;&lt;\\\/i&gt;&quot;,&quot;library&quot;:&quot;fa-solid&quot;},&quot;toggle&quot;:&quot;burger&quot;}\" data-widget_type=\"nav-menu.default\">\n\t\t\t\t<div class=\"elementor-widget-container\">\n\t\t\t\t\t\t\t\t<nav aria-label=\"Men\u00fc\" class=\"elementor-nav-menu--main elementor-nav-menu__container elementor-nav-menu--layout-vertical e--pointer-background e--animation-fade\">\n\t\t\t\t<ul id=\"menu-1-4885fb5\" class=\"elementor-nav-menu sm-vertical\"><li class=\"menu-item menu-item-type-post_type menu-item-object-page menu-item-63391\"><a href=\"https:\/\/colegioaleman.net\/de\/blog\/\" class=\"elementor-item menu-link\">Blog<\/a><\/li>\n<li class=\"menu-item menu-item-type-taxonomy menu-item-object-category menu-item-63445\"><a href=\"https:\/\/colegioaleman.net\/de\/veranstaltungen\/\" class=\"elementor-item menu-link\">Veranstaltungen<\/a><\/li>\n<li class=\"menu-item menu-item-type-taxonomy menu-item-object-category menu-item-63440\"><a href=\"https:\/\/colegioaleman.net\/de\/ds-news\/\" class=\"elementor-item menu-link\">DS-News<\/a><\/li>\n<li class=\"menu-item menu-item-type-taxonomy menu-item-object-category menu-item-63442\"><a href=\"https:\/\/colegioaleman.net\/de\/kindergarten-de\/\" class=\"elementor-item menu-link\">Kindergarten<\/a><\/li>\n<li class=\"menu-item menu-item-type-taxonomy menu-item-object-category menu-item-63441\"><a href=\"https:\/\/colegioaleman.net\/de\/grundschule\/\" class=\"elementor-item menu-link\">Grundschule<\/a><\/li>\n<li class=\"menu-item menu-item-type-taxonomy menu-item-object-category menu-item-63444\"><a href=\"https:\/\/colegioaleman.net\/de\/sekundarstufe\/\" class=\"elementor-item menu-link\">Sekundarstufe<\/a><\/li>\n<li class=\"menu-item menu-item-type-taxonomy menu-item-object-category menu-item-63443\"><a href=\"https:\/\/colegioaleman.net\/de\/oberstufe\/\" class=\"elementor-item menu-link\">Oberstufe<\/a><\/li>\n<\/ul>\t\t\t<\/nav>\n\t\t\t\t\t<div class=\"elementor-menu-toggle\" role=\"button\" tabindex=\"0\" aria-label=\"Men\u00fc Umschalter\" aria-expanded=\"false\">\n\t\t\t<i aria-hidden=\"true\" role=\"presentation\" class=\"elementor-menu-toggle__icon--open eicon-menu-bar\"><\/i><i aria-hidden=\"true\" role=\"presentation\" class=\"elementor-menu-toggle__icon--close eicon-close\"><\/i>\t\t<\/div>\n\t\t\t\t\t<nav class=\"elementor-nav-menu--dropdown elementor-nav-menu__container\" aria-hidden=\"true\">\n\t\t\t\t<ul id=\"menu-2-4885fb5\" class=\"elementor-nav-menu sm-vertical\"><li class=\"menu-item menu-item-type-post_type menu-item-object-page menu-item-63391\"><a href=\"https:\/\/colegioaleman.net\/de\/blog\/\" class=\"elementor-item menu-link\" tabindex=\"-1\">Blog<\/a><\/li>\n<li class=\"menu-item menu-item-type-taxonomy menu-item-object-category menu-item-63445\"><a href=\"https:\/\/colegioaleman.net\/de\/veranstaltungen\/\" class=\"elementor-item menu-link\" tabindex=\"-1\">Veranstaltungen<\/a><\/li>\n<li class=\"menu-item menu-item-type-taxonomy menu-item-object-category menu-item-63440\"><a href=\"https:\/\/colegioaleman.net\/de\/ds-news\/\" class=\"elementor-item menu-link\" tabindex=\"-1\">DS-News<\/a><\/li>\n<li class=\"menu-item menu-item-type-taxonomy menu-item-object-category menu-item-63442\"><a href=\"https:\/\/colegioaleman.net\/de\/kindergarten-de\/\" class=\"elementor-item menu-link\" tabindex=\"-1\">Kindergarten<\/a><\/li>\n<li class=\"menu-item menu-item-type-taxonomy menu-item-object-category menu-item-63441\"><a href=\"https:\/\/colegioaleman.net\/de\/grundschule\/\" class=\"elementor-item menu-link\" tabindex=\"-1\">Grundschule<\/a><\/li>\n<li class=\"menu-item menu-item-type-taxonomy menu-item-object-category menu-item-63444\"><a href=\"https:\/\/colegioaleman.net\/de\/sekundarstufe\/\" class=\"elementor-item menu-link\" tabindex=\"-1\">Sekundarstufe<\/a><\/li>\n<li class=\"menu-item menu-item-type-taxonomy menu-item-object-category menu-item-63443\"><a href=\"https:\/\/colegioaleman.net\/de\/oberstufe\/\" class=\"elementor-item menu-link\" tabindex=\"-1\">Oberstufe<\/a><\/li>\n<\/ul>\t\t\t<\/nav>\n\t\t\t\t\t\t<\/div>\n\t\t\t\t<\/div>\n\t\t\t\t\t<\/div>\n\t\t<\/div>\n\t\t\t\t<div class=\"elementor-column elementor-col-50 elementor-top-column elementor-element elementor-element-9a33eeb\" data-id=\"9a33eeb\" data-element_type=\"column\" data-e-type=\"column\">\n\t\t\t<div class=\"elementor-widget-wrap elementor-element-populated\">\n\t\t\t\t\t\t<div class=\"elementor-element elementor-element-cb59aa8 uael-post__link-complete-yes elementor-widget elementor-widget-uael-posts\" data-id=\"cb59aa8\" data-element_type=\"widget\" data-e-type=\"widget\" data-settings=\"{&quot;card_slides_to_show&quot;:3,&quot;card_slides_to_show_tablet&quot;:2,&quot;card_slides_to_show_mobile&quot;:1,&quot;card_pagination_type&quot;:&quot;ajax&quot;}\" data-widget_type=\"uael-posts.card\">\n\t\t\t\t<div class=\"elementor-widget-container\">\n\t\t\t\t\t\t\t<div class=\"uael-post__header\">\n\t\t\t\t\t<\/div>\n\t\t<div class=\"uael-post__body\">\n\t\t\t\n\t\t\n\t\t<div class=\"uael-post-grid uael-posts\" data-query-type=\"custom\" data-structure=\"normal\" data-layout=\"\" data-page=\"63360\" data-skin=\"card\" data-filter-default=\"\" data-offset-top=\"30\" >\n\n\t\t\t\t\t\t\t<div class=\"uael-post-grid__inner uael-post__columns-3 uael-post__columns-tablet-2 uael-post__columns-mobile-1\">\n\t\t\t\n<div class=\"uael-post-wrapper   eventos \">\n\t<div class=\"uael-post__bg-wrap\">\n\n\t\t\t\t\t<a href=\"https:\/\/colegioaleman.net\/de\/dia-del-libro-2026-en-deutsche-schule-san-sebastian\/\" target=\"_self\" class=\"uael-post__complete-box-overlay\" aria-label=\"Link Komplettbox\"><\/a>\n\t\t\t\t\n\t\t<div class=\"uael-post__inner-wrap \">\n\n\t\t\t\t<div class=\"uael-post__thumbnail\">\n\t\t\t\n\t\t\t<a href=\"https:\/\/colegioaleman.net\/de\/dia-del-libro-2026-en-deutsche-schule-san-sebastian\/\" target=\"_self\" title=\"D\u00eda del libro 2026 en Deutsche Schule San Sebasti\u00e1n\"><img fetchpriority=\"high\" decoding=\"async\" width=\"1080\" height=\"800\" src=\"https:\/\/colegioaleman.net\/wp-content\/uploads\/DIA-DEL-LIBRO-2026-1080-x-800-px.jpg\" class=\"attachment-full size-full wp-image-73082\" alt=\"\" srcset=\"https:\/\/colegioaleman.net\/wp-content\/uploads\/DIA-DEL-LIBRO-2026-1080-x-800-px.jpg 1080w, https:\/\/colegioaleman.net\/wp-content\/uploads\/DIA-DEL-LIBRO-2026-1080-x-800-px-300x222.jpg 300w, https:\/\/colegioaleman.net\/wp-content\/uploads\/DIA-DEL-LIBRO-2026-1080-x-800-px-1024x759.jpg 1024w, https:\/\/colegioaleman.net\/wp-content\/uploads\/DIA-DEL-LIBRO-2026-1080-x-800-px-768x569.jpg 768w\" sizes=\"(max-width: 1080px) 100vw, 1080px\" \/><\/a>\n\t\t\t\t\t<\/div>\n\t\t\n\t\t\t\n\t\t\t<div class=\"uael-post__content-wrap\">\n\n\t\t\t\t\t<h4 class=\"uael-post__title\">\n\n\t\t\n\t\t\t\t\t\t<a href=\"https:\/\/colegioaleman.net\/de\/dia-del-libro-2026-en-deutsche-schule-san-sebastian\/\" target=\"_self\">\n\t\t\t\tD\u00eda del libro 2026 en Deutsche Schule San Sebasti\u00e1n\t\t\t<\/a>\n\n\t\t\t\t<\/h4>\n\t\t\t\t\t<div class=\"uael-post__meta-data\">\n\t\t\t\t\t<span class=\"uael-post__date\">\n\t\t\t\t\t\t\t\t\t\t\t\t\t<i aria-hidden=\"true\" class=\"fa fa-calendar\"><\/i>\t\t\t\t\t\t\t\t\t\n\t\t\t23. April 2026\t\t<\/span>\n\t\t<span class=\"uael-post__terms-meta uael-post__terms-meta-cat\"> <a href=\"https:\/\/colegioaleman.net\/de\/eventos\/\" class=\"uael-listing__terms-link\" id=\"uael-post-term-eventos\" aria-labelledby=\"uael-post-term-eventos\">Eventos<\/a><\/span>\t\t<\/div>\n\t\t<div class=\"uael-post__separator\"><\/div>\n\t\t<div class=\"uael-post__excerpt\">\n\t\t\t\u00a1Hoy hemos celebrado por todo lo alto el D\u00eda del Libro! Una jornada llena de actividades en torno a la lectura y la creatividad, en ...\t\t<\/div>\n\n\t\t\t\t\t<a class=\"uael-post__read-more elementor-button\" href=\"https:\/\/colegioaleman.net\/de\/dia-del-libro-2026-en-deutsche-schule-san-sebastian\/\" target=\"_self\" aria-labelledby=\"uael-post-73081\">\n\t\t\t\t\t<span class=\"elementor-button-content-wrapper\">\n\t\t\t\t\t\t\t\t\t\t\t\t\t\t<span class=\"elementor-button-icon elementor-align-icon-left\">\n\n\t\t\t\t\t\t\t\t\t\n\t\t\t\t\t\t\t\t<\/span>\n\t\t\t\t\t\t\t\t\t\t\t\t\t\n\t\t\t\t\t\t<span class=\"elementor-button-text\" id=uael-post-73081>Weiterlesen<\/span>\n\t\t\t\t\t<\/span>\n\t\t\t\t<\/a>\n\t\t\t\t\t\t<\/div>\n\t\t\t\n\t\t<\/div>\n\t\t\n\t<\/div>\n\n<\/div>\n\n<div class=\"uael-post-wrapper   novedades-ds \">\n\t<div class=\"uael-post__bg-wrap\">\n\n\t\t\t\t\t<a href=\"https:\/\/colegioaleman.net\/de\/nicoleta-voinea-nueva-directora-de-aleman\/\" target=\"_self\" class=\"uael-post__complete-box-overlay\" aria-label=\"Link Komplettbox\"><\/a>\n\t\t\t\t\n\t\t<div class=\"uael-post__inner-wrap \">\n\n\t\t\t\t<div class=\"uael-post__thumbnail\">\n\t\t\t\n\t\t\t<a href=\"https:\/\/colegioaleman.net\/de\/nicoleta-voinea-nueva-directora-de-aleman\/\" target=\"_self\" title=\"Nicoleta Voinea, nueva Directora de Alem\u00e1n\"><img decoding=\"async\" width=\"1080\" height=\"800\" src=\"https:\/\/colegioaleman.net\/wp-content\/uploads\/Bienvenida-Nicoleta-Voinea-1080-x-800-px-1.jpg\" class=\"attachment-full size-full wp-image-73077\" alt=\"\" srcset=\"https:\/\/colegioaleman.net\/wp-content\/uploads\/Bienvenida-Nicoleta-Voinea-1080-x-800-px-1.jpg 1080w, https:\/\/colegioaleman.net\/wp-content\/uploads\/Bienvenida-Nicoleta-Voinea-1080-x-800-px-1-300x222.jpg 300w, https:\/\/colegioaleman.net\/wp-content\/uploads\/Bienvenida-Nicoleta-Voinea-1080-x-800-px-1-1024x759.jpg 1024w, https:\/\/colegioaleman.net\/wp-content\/uploads\/Bienvenida-Nicoleta-Voinea-1080-x-800-px-1-768x569.jpg 768w\" sizes=\"(max-width: 1080px) 100vw, 1080px\" \/><\/a>\n\t\t\t\t\t<\/div>\n\t\t\n\t\t\t\n\t\t\t<div class=\"uael-post__content-wrap\">\n\n\t\t\t\t\t<h4 class=\"uael-post__title\">\n\n\t\t\n\t\t\t\t\t\t<a href=\"https:\/\/colegioaleman.net\/de\/nicoleta-voinea-nueva-directora-de-aleman\/\" target=\"_self\">\n\t\t\t\tNicoleta Voinea, nueva Directora de Alem\u00e1n\t\t\t<\/a>\n\n\t\t\t\t<\/h4>\n\t\t\t\t\t<div class=\"uael-post__meta-data\">\n\t\t\t\t\t<span class=\"uael-post__date\">\n\t\t\t\t\t\t\t\t\t\t\t\t\t<i aria-hidden=\"true\" class=\"fa fa-calendar\"><\/i>\t\t\t\t\t\t\t\t\t\n\t\t\t23. April 2026\t\t<\/span>\n\t\t<span class=\"uael-post__terms-meta uael-post__terms-meta-cat\"> <a href=\"https:\/\/colegioaleman.net\/de\/noticias\/\" class=\"uael-listing__terms-link\" id=\"uael-post-term-noticias\" aria-labelledby=\"uael-post-term-noticias\">Novedades DS<\/a><\/span>\t\t<\/div>\n\t\t<div class=\"uael-post__separator\"><\/div>\n\t\t<div class=\"uael-post__excerpt\">\n\t\t\tDamos la bienvenida a Nicoleta Voinea, que se incorpora a Deutsche Schule San Sebasti\u00e1n como Directora de Alem\u00e1n (Deutsche Schulleiterin). Cuenta con una s\u00f3lida trayectoria ...\t\t<\/div>\n\n\t\t\t\t\t<a class=\"uael-post__read-more elementor-button\" href=\"https:\/\/colegioaleman.net\/de\/nicoleta-voinea-nueva-directora-de-aleman\/\" target=\"_self\" aria-labelledby=\"uael-post-73067\">\n\t\t\t\t\t<span class=\"elementor-button-content-wrapper\">\n\t\t\t\t\t\t\t\t\t\t\t\t\t\t<span class=\"elementor-button-icon elementor-align-icon-left\">\n\n\t\t\t\t\t\t\t\t\t\n\t\t\t\t\t\t\t\t<\/span>\n\t\t\t\t\t\t\t\t\t\t\t\t\t\n\t\t\t\t\t\t<span class=\"elementor-button-text\" id=uael-post-73067>Weiterlesen<\/span>\n\t\t\t\t\t<\/span>\n\t\t\t\t<\/a>\n\t\t\t\t\t\t<\/div>\n\t\t\t\n\t\t<\/div>\n\t\t\n\t<\/div>\n\n<\/div>\n\n<div class=\"uael-post-wrapper   novedades-ds \">\n\t<div class=\"uael-post__bg-wrap\">\n\n\t\t\t\t\t<a href=\"https:\/\/colegioaleman.net\/de\/programa-de-verano-con-well-and-will-2026-en-deutsche-schule\/\" target=\"_self\" class=\"uael-post__complete-box-overlay\" aria-label=\"Link Komplettbox\"><\/a>\n\t\t\t\t\n\t\t<div class=\"uael-post__inner-wrap \">\n\n\t\t\t\t<div class=\"uael-post__thumbnail\">\n\t\t\t\n\t\t\t<a href=\"https:\/\/colegioaleman.net\/de\/programa-de-verano-con-well-and-will-2026-en-deutsche-schule\/\" target=\"_self\" title=\"Programa de verano con Well and Will 2026 en Deutsche Schule\"><img decoding=\"async\" width=\"1080\" height=\"800\" src=\"https:\/\/colegioaleman.net\/wp-content\/uploads\/programa-well-and-will.jpg\" class=\"attachment-full size-full wp-image-73041\" alt=\"\" srcset=\"https:\/\/colegioaleman.net\/wp-content\/uploads\/programa-well-and-will.jpg 1080w, https:\/\/colegioaleman.net\/wp-content\/uploads\/programa-well-and-will-300x222.jpg 300w, https:\/\/colegioaleman.net\/wp-content\/uploads\/programa-well-and-will-1024x759.jpg 1024w, https:\/\/colegioaleman.net\/wp-content\/uploads\/programa-well-and-will-768x569.jpg 768w\" sizes=\"(max-width: 1080px) 100vw, 1080px\" \/><\/a>\n\t\t\t\t\t<\/div>\n\t\t\n\t\t\t\n\t\t\t<div class=\"uael-post__content-wrap\">\n\n\t\t\t\t\t<h4 class=\"uael-post__title\">\n\n\t\t\n\t\t\t\t\t\t<a href=\"https:\/\/colegioaleman.net\/de\/programa-de-verano-con-well-and-will-2026-en-deutsche-schule\/\" target=\"_self\">\n\t\t\t\tPrograma de verano con Well and Will 2026 en Deutsche Schule\t\t\t<\/a>\n\n\t\t\t\t<\/h4>\n\t\t\t\t\t<div class=\"uael-post__meta-data\">\n\t\t\t\t\t<span class=\"uael-post__date\">\n\t\t\t\t\t\t\t\t\t\t\t\t\t<i aria-hidden=\"true\" class=\"fa fa-calendar\"><\/i>\t\t\t\t\t\t\t\t\t\n\t\t\t13. April 2026\t\t<\/span>\n\t\t<span class=\"uael-post__terms-meta uael-post__terms-meta-cat\"> <a href=\"https:\/\/colegioaleman.net\/de\/noticias\/\" class=\"uael-listing__terms-link\" id=\"uael-post-term-noticias\" aria-labelledby=\"uael-post-term-noticias\">Novedades DS<\/a><\/span>\t\t<\/div>\n\t\t<div class=\"uael-post__separator\"><\/div>\n\t\t<div class=\"uael-post__excerpt\">\n\t\t\t\u00a1Novedad este verano en Deutsche Schule San Sebasti\u00e1n! Este a\u00f1o se estrena el programa de verano de la Academia Well and Will, en ingl\u00e9s y ...\t\t<\/div>\n\n\t\t\t\t\t<a class=\"uael-post__read-more elementor-button\" href=\"https:\/\/colegioaleman.net\/de\/programa-de-verano-con-well-and-will-2026-en-deutsche-schule\/\" target=\"_self\" aria-labelledby=\"uael-post-73037\">\n\t\t\t\t\t<span class=\"elementor-button-content-wrapper\">\n\t\t\t\t\t\t\t\t\t\t\t\t\t\t<span class=\"elementor-button-icon elementor-align-icon-left\">\n\n\t\t\t\t\t\t\t\t\t\n\t\t\t\t\t\t\t\t<\/span>\n\t\t\t\t\t\t\t\t\t\t\t\t\t\n\t\t\t\t\t\t<span class=\"elementor-button-text\" id=uael-post-73037>Weiterlesen<\/span>\n\t\t\t\t\t<\/span>\n\t\t\t\t<\/a>\n\t\t\t\t\t\t<\/div>\n\t\t\t\n\t\t<\/div>\n\t\t\n\t<\/div>\n\n<\/div>\n\n<div class=\"uael-post-wrapper   novedades-ds \">\n\t<div class=\"uael-post__bg-wrap\">\n\n\t\t\t\t\t<a href=\"https:\/\/colegioaleman.net\/de\/sommer-camp-2026-en-deutsche-schule\/\" target=\"_self\" class=\"uael-post__complete-box-overlay\" aria-label=\"Link Komplettbox\"><\/a>\n\t\t\t\t\n\t\t<div class=\"uael-post__inner-wrap \">\n\n\t\t\t\t<div class=\"uael-post__thumbnail\">\n\t\t\t\n\t\t\t<a href=\"https:\/\/colegioaleman.net\/de\/sommer-camp-2026-en-deutsche-schule\/\" target=\"_self\" title=\"Sommer Camp 2026 en Deutsche Schule\"><img loading=\"lazy\" decoding=\"async\" width=\"1080\" height=\"800\" src=\"https:\/\/colegioaleman.net\/wp-content\/uploads\/sommer-camp-2026.jpg\" class=\"attachment-full size-full wp-image-73033\" alt=\"\" srcset=\"https:\/\/colegioaleman.net\/wp-content\/uploads\/sommer-camp-2026.jpg 1080w, https:\/\/colegioaleman.net\/wp-content\/uploads\/sommer-camp-2026-300x222.jpg 300w, https:\/\/colegioaleman.net\/wp-content\/uploads\/sommer-camp-2026-1024x759.jpg 1024w, https:\/\/colegioaleman.net\/wp-content\/uploads\/sommer-camp-2026-768x569.jpg 768w\" sizes=\"(max-width: 1080px) 100vw, 1080px\" \/><\/a>\n\t\t\t\t\t<\/div>\n\t\t\n\t\t\t\n\t\t\t<div class=\"uael-post__content-wrap\">\n\n\t\t\t\t\t<h4 class=\"uael-post__title\">\n\n\t\t\n\t\t\t\t\t\t<a href=\"https:\/\/colegioaleman.net\/de\/sommer-camp-2026-en-deutsche-schule\/\" target=\"_self\">\n\t\t\t\tSommer Camp 2026 en Deutsche Schule\t\t\t<\/a>\n\n\t\t\t\t<\/h4>\n\t\t\t\t\t<div class=\"uael-post__meta-data\">\n\t\t\t\t\t<span class=\"uael-post__date\">\n\t\t\t\t\t\t\t\t\t\t\t\t\t<i aria-hidden=\"true\" class=\"fa fa-calendar\"><\/i>\t\t\t\t\t\t\t\t\t\n\t\t\t13. April 2026\t\t<\/span>\n\t\t<span class=\"uael-post__terms-meta uael-post__terms-meta-cat\"> <a href=\"https:\/\/colegioaleman.net\/de\/noticias\/\" class=\"uael-listing__terms-link\" id=\"uael-post-term-noticias\" aria-labelledby=\"uael-post-term-noticias\">Novedades DS<\/a><\/span>\t\t<\/div>\n\t\t<div class=\"uael-post__separator\"><\/div>\n\t\t<div class=\"uael-post__excerpt\">\n\t\t\t\u00a1Ya est\u00e1n abiertas las inscripciones para el Sommer Camp 2025 para ni\u00f1os y ni\u00f1as de 2 a 12 a\u00f1os! Deutsche Schule San Sebasti\u00e1n organiza con ...\t\t<\/div>\n\n\t\t\t\t\t<a class=\"uael-post__read-more elementor-button\" href=\"https:\/\/colegioaleman.net\/de\/sommer-camp-2026-en-deutsche-schule\/\" target=\"_self\" aria-labelledby=\"uael-post-73026\">\n\t\t\t\t\t<span class=\"elementor-button-content-wrapper\">\n\t\t\t\t\t\t\t\t\t\t\t\t\t\t<span class=\"elementor-button-icon elementor-align-icon-left\">\n\n\t\t\t\t\t\t\t\t\t\n\t\t\t\t\t\t\t\t<\/span>\n\t\t\t\t\t\t\t\t\t\t\t\t\t\n\t\t\t\t\t\t<span class=\"elementor-button-text\" id=uael-post-73026>Weiterlesen<\/span>\n\t\t\t\t\t<\/span>\n\t\t\t\t<\/a>\n\t\t\t\t\t\t<\/div>\n\t\t\t\n\t\t<\/div>\n\t\t\n\t<\/div>\n\n<\/div>\n\n<div class=\"uael-post-wrapper   eventos \">\n\t<div class=\"uael-post__bg-wrap\">\n\n\t\t\t\t\t<a href=\"https:\/\/colegioaleman.net\/de\/premio-especial-en-jugend-forscht-alemania-para-nuestras-alumnas\/\" target=\"_self\" class=\"uael-post__complete-box-overlay\" aria-label=\"Link Komplettbox\"><\/a>\n\t\t\t\t\n\t\t<div class=\"uael-post__inner-wrap \">\n\n\t\t\t\t<div class=\"uael-post__thumbnail\">\n\t\t\t\n\t\t\t<a href=\"https:\/\/colegioaleman.net\/de\/premio-especial-en-jugend-forscht-alemania-para-nuestras-alumnas\/\" target=\"_self\" title=\"Premio especial en Jugend forscht Alemania para nuestras alumnas\"><img loading=\"lazy\" decoding=\"async\" width=\"1080\" height=\"800\" src=\"https:\/\/colegioaleman.net\/wp-content\/uploads\/Jugend-forscht-alemania-bochum-2026-1080-x-800-px.jpg\" class=\"attachment-full size-full wp-image-72993\" alt=\"\" srcset=\"https:\/\/colegioaleman.net\/wp-content\/uploads\/Jugend-forscht-alemania-bochum-2026-1080-x-800-px.jpg 1080w, https:\/\/colegioaleman.net\/wp-content\/uploads\/Jugend-forscht-alemania-bochum-2026-1080-x-800-px-300x222.jpg 300w, https:\/\/colegioaleman.net\/wp-content\/uploads\/Jugend-forscht-alemania-bochum-2026-1080-x-800-px-1024x759.jpg 1024w, https:\/\/colegioaleman.net\/wp-content\/uploads\/Jugend-forscht-alemania-bochum-2026-1080-x-800-px-768x569.jpg 768w\" sizes=\"(max-width: 1080px) 100vw, 1080px\" \/><\/a>\n\t\t\t\t\t<\/div>\n\t\t\n\t\t\t\n\t\t\t<div class=\"uael-post__content-wrap\">\n\n\t\t\t\t\t<h4 class=\"uael-post__title\">\n\n\t\t\n\t\t\t\t\t\t<a href=\"https:\/\/colegioaleman.net\/de\/premio-especial-en-jugend-forscht-alemania-para-nuestras-alumnas\/\" target=\"_self\">\n\t\t\t\tPremio especial en Jugend forscht Alemania para nuestras alumnas\t\t\t<\/a>\n\n\t\t\t\t<\/h4>\n\t\t\t\t\t<div class=\"uael-post__meta-data\">\n\t\t\t\t\t<span class=\"uael-post__date\">\n\t\t\t\t\t\t\t\t\t\t\t\t\t<i aria-hidden=\"true\" class=\"fa fa-calendar\"><\/i>\t\t\t\t\t\t\t\t\t\n\t\t\t23. M\u00e4rz 2026\t\t<\/span>\n\t\t<span class=\"uael-post__terms-meta uael-post__terms-meta-cat\"> <a href=\"https:\/\/colegioaleman.net\/de\/eventos\/\" class=\"uael-listing__terms-link\" id=\"uael-post-term-eventos\" aria-labelledby=\"uael-post-term-eventos\">Eventos<\/a><\/span>\t\t<\/div>\n\t\t<div class=\"uael-post__separator\"><\/div>\n\t\t<div class=\"uael-post__excerpt\">\n\t\t\tTras obtener el 1\u00ba premio de Biolog\u00eda en Jugend forscht Iberia, el talento de nuestro alumnado sigue brillando tambi\u00e9n en Alemania. En la fase estatal ...\t\t<\/div>\n\n\t\t\t\t\t<a class=\"uael-post__read-more elementor-button\" href=\"https:\/\/colegioaleman.net\/de\/premio-especial-en-jugend-forscht-alemania-para-nuestras-alumnas\/\" target=\"_self\" aria-labelledby=\"uael-post-72985\">\n\t\t\t\t\t<span class=\"elementor-button-content-wrapper\">\n\t\t\t\t\t\t\t\t\t\t\t\t\t\t<span class=\"elementor-button-icon elementor-align-icon-left\">\n\n\t\t\t\t\t\t\t\t\t\n\t\t\t\t\t\t\t\t<\/span>\n\t\t\t\t\t\t\t\t\t\t\t\t\t\n\t\t\t\t\t\t<span class=\"elementor-button-text\" id=uael-post-72985>Weiterlesen<\/span>\n\t\t\t\t\t<\/span>\n\t\t\t\t<\/a>\n\t\t\t\t\t\t<\/div>\n\t\t\t\n\t\t<\/div>\n\t\t\n\t<\/div>\n\n<\/div>\n\n<div class=\"uael-post-wrapper   novedades-ds secundaria \">\n\t<div class=\"uael-post__bg-wrap\">\n\n\t\t\t\t\t<a href=\"https:\/\/colegioaleman.net\/de\/orientacion-en-eso-para-el-futuro-academico\/\" target=\"_self\" class=\"uael-post__complete-box-overlay\" aria-label=\"Link Komplettbox\"><\/a>\n\t\t\t\t\n\t\t<div class=\"uael-post__inner-wrap \">\n\n\t\t\t\t<div class=\"uael-post__thumbnail\">\n\t\t\t\n\t\t\t<a href=\"https:\/\/colegioaleman.net\/de\/orientacion-en-eso-para-el-futuro-academico\/\" target=\"_self\" title=\"Orientaci\u00f3n en ESO para el futuro acad\u00e9mico\"><img loading=\"lazy\" decoding=\"async\" width=\"1080\" height=\"800\" src=\"https:\/\/colegioaleman.net\/wp-content\/uploads\/charla-orientacion-alumnado-4oeso-y-familias-1080-x-800-px.jpg\" class=\"attachment-full size-full wp-image-72971\" alt=\"\" srcset=\"https:\/\/colegioaleman.net\/wp-content\/uploads\/charla-orientacion-alumnado-4oeso-y-familias-1080-x-800-px.jpg 1080w, https:\/\/colegioaleman.net\/wp-content\/uploads\/charla-orientacion-alumnado-4oeso-y-familias-1080-x-800-px-300x222.jpg 300w, https:\/\/colegioaleman.net\/wp-content\/uploads\/charla-orientacion-alumnado-4oeso-y-familias-1080-x-800-px-1024x759.jpg 1024w, https:\/\/colegioaleman.net\/wp-content\/uploads\/charla-orientacion-alumnado-4oeso-y-familias-1080-x-800-px-768x569.jpg 768w\" sizes=\"(max-width: 1080px) 100vw, 1080px\" \/><\/a>\n\t\t\t\t\t<\/div>\n\t\t\n\t\t\t\n\t\t\t<div class=\"uael-post__content-wrap\">\n\n\t\t\t\t\t<h4 class=\"uael-post__title\">\n\n\t\t\n\t\t\t\t\t\t<a href=\"https:\/\/colegioaleman.net\/de\/orientacion-en-eso-para-el-futuro-academico\/\" target=\"_self\">\n\t\t\t\tOrientaci\u00f3n en ESO para el futuro acad\u00e9mico\t\t\t<\/a>\n\n\t\t\t\t<\/h4>\n\t\t\t\t\t<div class=\"uael-post__meta-data\">\n\t\t\t\t\t<span class=\"uael-post__date\">\n\t\t\t\t\t\t\t\t\t\t\t\t\t<i aria-hidden=\"true\" class=\"fa fa-calendar\"><\/i>\t\t\t\t\t\t\t\t\t\n\t\t\t16. M\u00e4rz 2026\t\t<\/span>\n\t\t<span class=\"uael-post__terms-meta uael-post__terms-meta-cat\"> <a href=\"https:\/\/colegioaleman.net\/de\/noticias\/\" class=\"uael-listing__terms-link\" id=\"uael-post-term-noticias\" aria-labelledby=\"uael-post-term-noticias\">Novedades DS<\/a><\/span>\t\t<\/div>\n\t\t<div class=\"uael-post__separator\"><\/div>\n\t\t<div class=\"uael-post__excerpt\">\n\t\t\tDurante la semana pasada, el alumnado de 3\u00ba y 4\u00ba de la ESO, junto con sus familias, ha participado en sesiones de orientaci\u00f3n acad\u00e9mica centradas ...\t\t<\/div>\n\n\t\t\t\t\t<a class=\"uael-post__read-more elementor-button\" href=\"https:\/\/colegioaleman.net\/de\/orientacion-en-eso-para-el-futuro-academico\/\" target=\"_self\" aria-labelledby=\"uael-post-72970\">\n\t\t\t\t\t<span class=\"elementor-button-content-wrapper\">\n\t\t\t\t\t\t\t\t\t\t\t\t\t\t<span class=\"elementor-button-icon elementor-align-icon-left\">\n\n\t\t\t\t\t\t\t\t\t\n\t\t\t\t\t\t\t\t<\/span>\n\t\t\t\t\t\t\t\t\t\t\t\t\t\n\t\t\t\t\t\t<span class=\"elementor-button-text\" id=uael-post-72970>Weiterlesen<\/span>\n\t\t\t\t\t<\/span>\n\t\t\t\t<\/a>\n\t\t\t\t\t\t<\/div>\n\t\t\t\n\t\t<\/div>\n\t\t\n\t<\/div>\n\n<\/div>\n\n<div class=\"uael-post-wrapper   sekundarstufe \">\n\t<div class=\"uael-post__bg-wrap\">\n\n\t\t\t\t\t<a href=\"https:\/\/colegioaleman.net\/de\/mein-deutscher-austausch-clara-lopez-quintana\/\" target=\"_self\" class=\"uael-post__complete-box-overlay\" aria-label=\"Link Komplettbox\"><\/a>\n\t\t\t\t\n\t\t<div class=\"uael-post__inner-wrap \">\n\n\t\t\t\t<div class=\"uael-post__thumbnail\">\n\t\t\t\n\t\t\t<a href=\"https:\/\/colegioaleman.net\/de\/mein-deutscher-austausch-clara-lopez-quintana\/\" target=\"_self\" title=\"&#8222;Mein deutscher Austausch&#8220; &#8211; Clara L\u00f3pez Quintana\"><img loading=\"lazy\" decoding=\"async\" width=\"1080\" height=\"800\" src=\"https:\/\/colegioaleman.net\/wp-content\/uploads\/EXPERIENCIA-CLARA-LOPEZ-QUINTANA-1.jpg\" class=\"attachment-full size-full wp-image-72961\" alt=\"\" srcset=\"https:\/\/colegioaleman.net\/wp-content\/uploads\/EXPERIENCIA-CLARA-LOPEZ-QUINTANA-1.jpg 1080w, https:\/\/colegioaleman.net\/wp-content\/uploads\/EXPERIENCIA-CLARA-LOPEZ-QUINTANA-1-300x222.jpg 300w, https:\/\/colegioaleman.net\/wp-content\/uploads\/EXPERIENCIA-CLARA-LOPEZ-QUINTANA-1-1024x759.jpg 1024w, https:\/\/colegioaleman.net\/wp-content\/uploads\/EXPERIENCIA-CLARA-LOPEZ-QUINTANA-1-768x569.jpg 768w\" sizes=\"(max-width: 1080px) 100vw, 1080px\" \/><\/a>\n\t\t\t\t\t<\/div>\n\t\t\n\t\t\t\n\t\t\t<div class=\"uael-post__content-wrap\">\n\n\t\t\t\t\t<h4 class=\"uael-post__title\">\n\n\t\t\n\t\t\t\t\t\t<a href=\"https:\/\/colegioaleman.net\/de\/mein-deutscher-austausch-clara-lopez-quintana\/\" target=\"_self\">\n\t\t\t\t&#8222;Mein deutscher Austausch&#8220; &#8211; Clara L\u00f3pez Quintana\t\t\t<\/a>\n\n\t\t\t\t<\/h4>\n\t\t\t\t\t<div class=\"uael-post__meta-data\">\n\t\t\t\t\t<span class=\"uael-post__date\">\n\t\t\t\t\t\t\t\t\t\t\t\t\t<i aria-hidden=\"true\" class=\"fa fa-calendar\"><\/i>\t\t\t\t\t\t\t\t\t\n\t\t\t5. M\u00e4rz 2026\t\t<\/span>\n\t\t<span class=\"uael-post__terms-meta uael-post__terms-meta-cat\"> <a href=\"https:\/\/colegioaleman.net\/de\/sekundarstufe\/\" class=\"uael-listing__terms-link\" id=\"uael-post-term-sekundarstufe\" aria-labelledby=\"uael-post-term-sekundarstufe\">Sekundarstufe<\/a><\/span>\t\t<\/div>\n\t\t<div class=\"uael-post__separator\"><\/div>\n\t\t<div class=\"uael-post__excerpt\">\n\t\t\tClara L\u00f3pez Quintana aus der 8. Klasse erz\u00e4hlt uns von ihren 3 Monaten am Albert-Schweitzer-Gymnasium in H\u00fcrth\u00a0 Ich war vor Kurzem in Deutschland. Ich habe ...\t\t<\/div>\n\n\t\t\t\t\t<a class=\"uael-post__read-more elementor-button\" href=\"https:\/\/colegioaleman.net\/de\/mein-deutscher-austausch-clara-lopez-quintana\/\" target=\"_self\" aria-labelledby=\"uael-post-72963\">\n\t\t\t\t\t<span class=\"elementor-button-content-wrapper\">\n\t\t\t\t\t\t\t\t\t\t\t\t\t\t<span class=\"elementor-button-icon elementor-align-icon-left\">\n\n\t\t\t\t\t\t\t\t\t\n\t\t\t\t\t\t\t\t<\/span>\n\t\t\t\t\t\t\t\t\t\t\t\t\t\n\t\t\t\t\t\t<span class=\"elementor-button-text\" id=uael-post-72963>Weiterlesen<\/span>\n\t\t\t\t\t<\/span>\n\t\t\t\t<\/a>\n\t\t\t\t\t\t<\/div>\n\t\t\t\n\t\t<\/div>\n\t\t\n\t<\/div>\n\n<\/div>\n\n<div class=\"uael-post-wrapper   oberstufe \">\n\t<div class=\"uael-post__bg-wrap\">\n\n\t\t\t\t\t<a href=\"https:\/\/colegioaleman.net\/de\/berufsorientierungswoche-statt\/\" target=\"_self\" class=\"uael-post__complete-box-overlay\" aria-label=\"Link Komplettbox\"><\/a>\n\t\t\t\t\n\t\t<div class=\"uael-post__inner-wrap \">\n\n\t\t\t\t<div class=\"uael-post__thumbnail\">\n\t\t\t\n\t\t\t<a href=\"https:\/\/colegioaleman.net\/de\/berufsorientierungswoche-statt\/\" target=\"_self\" title=\"Berufsorientierungswoche statt\"><img loading=\"lazy\" decoding=\"async\" width=\"1080\" height=\"800\" src=\"https:\/\/colegioaleman.net\/wp-content\/uploads\/Orientacion-Profesional-Agencia-empleo-alemana-1080-x-800-px.jpg\" class=\"attachment-full size-full wp-image-72948\" alt=\"\" srcset=\"https:\/\/colegioaleman.net\/wp-content\/uploads\/Orientacion-Profesional-Agencia-empleo-alemana-1080-x-800-px.jpg 1080w, https:\/\/colegioaleman.net\/wp-content\/uploads\/Orientacion-Profesional-Agencia-empleo-alemana-1080-x-800-px-300x222.jpg 300w, https:\/\/colegioaleman.net\/wp-content\/uploads\/Orientacion-Profesional-Agencia-empleo-alemana-1080-x-800-px-1024x759.jpg 1024w, https:\/\/colegioaleman.net\/wp-content\/uploads\/Orientacion-Profesional-Agencia-empleo-alemana-1080-x-800-px-768x569.jpg 768w\" sizes=\"(max-width: 1080px) 100vw, 1080px\" \/><\/a>\n\t\t\t\t\t<\/div>\n\t\t\n\t\t\t\n\t\t\t<div class=\"uael-post__content-wrap\">\n\n\t\t\t\t\t<h4 class=\"uael-post__title\">\n\n\t\t\n\t\t\t\t\t\t<a href=\"https:\/\/colegioaleman.net\/de\/berufsorientierungswoche-statt\/\" target=\"_self\">\n\t\t\t\tBerufsorientierungswoche statt\t\t\t<\/a>\n\n\t\t\t\t<\/h4>\n\t\t\t\t\t<div class=\"uael-post__meta-data\">\n\t\t\t\t\t<span class=\"uael-post__date\">\n\t\t\t\t\t\t\t\t\t\t\t\t\t<i aria-hidden=\"true\" class=\"fa fa-calendar\"><\/i>\t\t\t\t\t\t\t\t\t\n\t\t\t3. M\u00e4rz 2026\t\t<\/span>\n\t\t<span class=\"uael-post__terms-meta uael-post__terms-meta-cat\"> <a href=\"https:\/\/colegioaleman.net\/de\/oberstufe\/\" class=\"uael-listing__terms-link\" id=\"uael-post-term-oberstufe\" aria-labelledby=\"uael-post-term-oberstufe\">Oberstufe<\/a><\/span>\t\t<\/div>\n\t\t<div class=\"uael-post__separator\"><\/div>\n\t\t<div class=\"uael-post__excerpt\">\n\t\t\tVom 24. bis 27. Februar fand an unserer Schule die\u00a0allj\u00e4hrige\u00a0Berufsorientierungswoche statt \u2013 und sie war ein voller Erfolg. Zu Gast war\u00a0Frau S. Tornikidou von der ...\t\t<\/div>\n\n\t\t\t\t\t<a class=\"uael-post__read-more elementor-button\" href=\"https:\/\/colegioaleman.net\/de\/berufsorientierungswoche-statt\/\" target=\"_self\" aria-labelledby=\"uael-post-72933\">\n\t\t\t\t\t<span class=\"elementor-button-content-wrapper\">\n\t\t\t\t\t\t\t\t\t\t\t\t\t\t<span class=\"elementor-button-icon elementor-align-icon-left\">\n\n\t\t\t\t\t\t\t\t\t\n\t\t\t\t\t\t\t\t<\/span>\n\t\t\t\t\t\t\t\t\t\t\t\t\t\n\t\t\t\t\t\t<span class=\"elementor-button-text\" id=uael-post-72933>Weiterlesen<\/span>\n\t\t\t\t\t<\/span>\n\t\t\t\t<\/a>\n\t\t\t\t\t\t<\/div>\n\t\t\t\n\t\t<\/div>\n\t\t\n\t<\/div>\n\n<\/div>\n\n<div class=\"uael-post-wrapper   kindergarten \">\n\t<div class=\"uael-post__bg-wrap\">\n\n\t\t\t\t\t<a href=\"https:\/\/colegioaleman.net\/de\/pasarela-del-tacto-estimulacion-sensorial-en-kindergarten-2\/\" target=\"_self\" class=\"uael-post__complete-box-overlay\" aria-label=\"Link Komplettbox\"><\/a>\n\t\t\t\t\n\t\t<div class=\"uael-post__inner-wrap \">\n\n\t\t\t\t<div class=\"uael-post__thumbnail\">\n\t\t\t\n\t\t\t<a href=\"https:\/\/colegioaleman.net\/de\/pasarela-del-tacto-estimulacion-sensorial-en-kindergarten-2\/\" target=\"_self\" title=\"Pasarela del tacto: estimulaci\u00f3n sensorial en Kindergarten 2\"><img loading=\"lazy\" decoding=\"async\" width=\"1080\" height=\"800\" src=\"https:\/\/colegioaleman.net\/wp-content\/uploads\/KG2-pasarela-de-tacto-2026-1080-x-800-px.jpg\" class=\"attachment-full size-full wp-image-72804\" alt=\"\" srcset=\"https:\/\/colegioaleman.net\/wp-content\/uploads\/KG2-pasarela-de-tacto-2026-1080-x-800-px.jpg 1080w, https:\/\/colegioaleman.net\/wp-content\/uploads\/KG2-pasarela-de-tacto-2026-1080-x-800-px-300x222.jpg 300w, https:\/\/colegioaleman.net\/wp-content\/uploads\/KG2-pasarela-de-tacto-2026-1080-x-800-px-1024x759.jpg 1024w, https:\/\/colegioaleman.net\/wp-content\/uploads\/KG2-pasarela-de-tacto-2026-1080-x-800-px-768x569.jpg 768w\" sizes=\"(max-width: 1080px) 100vw, 1080px\" \/><\/a>\n\t\t\t\t\t<\/div>\n\t\t\n\t\t\t\n\t\t\t<div class=\"uael-post__content-wrap\">\n\n\t\t\t\t\t<h4 class=\"uael-post__title\">\n\n\t\t\n\t\t\t\t\t\t<a href=\"https:\/\/colegioaleman.net\/de\/pasarela-del-tacto-estimulacion-sensorial-en-kindergarten-2\/\" target=\"_self\">\n\t\t\t\tPasarela del tacto: estimulaci\u00f3n sensorial en Kindergarten 2\t\t\t<\/a>\n\n\t\t\t\t<\/h4>\n\t\t\t\t\t<div class=\"uael-post__meta-data\">\n\t\t\t\t\t<span class=\"uael-post__date\">\n\t\t\t\t\t\t\t\t\t\t\t\t\t<i aria-hidden=\"true\" class=\"fa fa-calendar\"><\/i>\t\t\t\t\t\t\t\t\t\n\t\t\t27. Februar 2026\t\t<\/span>\n\t\t<span class=\"uael-post__terms-meta uael-post__terms-meta-cat\"> <a href=\"https:\/\/colegioaleman.net\/de\/kindergarten\/\" class=\"uael-listing__terms-link\" id=\"uael-post-term-kindergarten\" aria-labelledby=\"uael-post-term-kindergarten\">Kindergarten<\/a><\/span>\t\t<\/div>\n\t\t<div class=\"uael-post__separator\"><\/div>\n\t\t<div class=\"uael-post__excerpt\">\n\t\t\tKindergarten 2 se llen\u00f3 de sensaciones con una nueva edici\u00f3n de la \u201cpasarela del tacto\u201d, una actividad dise\u00f1ada para potenciar la estimulaci\u00f3n sensorial a trav\u00e9s ...\t\t<\/div>\n\n\t\t\t\t\t<a class=\"uael-post__read-more elementor-button\" href=\"https:\/\/colegioaleman.net\/de\/pasarela-del-tacto-estimulacion-sensorial-en-kindergarten-2\/\" target=\"_self\" aria-labelledby=\"uael-post-72802\">\n\t\t\t\t\t<span class=\"elementor-button-content-wrapper\">\n\t\t\t\t\t\t\t\t\t\t\t\t\t\t<span class=\"elementor-button-icon elementor-align-icon-left\">\n\n\t\t\t\t\t\t\t\t\t\n\t\t\t\t\t\t\t\t<\/span>\n\t\t\t\t\t\t\t\t\t\t\t\t\t\n\t\t\t\t\t\t<span class=\"elementor-button-text\" id=uael-post-72802>Weiterlesen<\/span>\n\t\t\t\t\t<\/span>\n\t\t\t\t<\/a>\n\t\t\t\t\t\t<\/div>\n\t\t\t\n\t\t<\/div>\n\t\t\n\t<\/div>\n\n<\/div>\n\t\t\t\t<\/div>\n\t\t\t\t\t\t\n\t\t<\/div>\n\n\t\t\t\t\t\t<\/div>\n\t\t<div class=\"uael-post__footer\">\n\t\t\t\t\t\t<nav class=\"uael-grid-pagination\"  role=\"navigation\" aria-label=\"Paginierung\" data-total=\"26\" data-next-page=\"2\">\n\t\t\t\t<span aria-current=\"page\" class=\"page-numbers current\">1<\/span>\n<a class=\"page-numbers\" href=\"https:\/\/colegioaleman.net\/de\/wp-json\/wp\/v2\/pages\/63360\/page\/2\/\">2<\/a>\n<a class=\"page-numbers\" href=\"https:\/\/colegioaleman.net\/de\/wp-json\/wp\/v2\/pages\/63360\/page\/3\/\">3<\/a>\n<span class=\"page-numbers dots\">&hellip;<\/span>\n<a class=\"page-numbers\" href=\"https:\/\/colegioaleman.net\/de\/wp-json\/wp\/v2\/pages\/63360\/page\/26\/\">26<\/a>\n<a class=\"next page-numbers\" href=\"https:\/\/colegioaleman.net\/de\/wp-json\/wp\/v2\/pages\/63360\/page\/2\/\">Weiter &raquo;<\/a>\t\t\t<\/nav>\n\t\t\t\t\t<\/div>\n\t\t\t\t\t\t<\/div>\n\t\t\t\t<\/div>\n\t\t\t\t\t<\/div>\n\t\t<\/div>\n\t\t\t\t\t<\/div>\n\t\t<\/section>\n\t\t\t\t<\/div>\n\t\t","protected":false},"excerpt":{"rendered":"<p>Blog Graduaci\u00f3n 2\u00ba Bachillerato &#8211; Curso 2024\/2025 26\/06\/2024 Bachillerato Queremos volver a dar la ENHORABUENA a todo nuestro alumnado que se ha graduado, que termina su etapa escolar en Deutsche Schule San Sebasti\u00e1n. Nos &#8230; Weiterlesen Intercambio de 6\u00ba de Educaci\u00f3n Primaria a H\u00fcrth 2024 24\/06\/2024 Primaria El 10 de junio de 2024, 25 alumnos [&hellip;]<\/p>\n","protected":false},"author":3,"featured_media":67462,"parent":0,"menu_order":0,"comment_status":"closed","ping_status":"closed","template":"","meta":{"site-sidebar-layout":"no-sidebar","site-content-layout":"page-builder","ast-site-content-layout":"full-width-container","site-content-style":"default","site-sidebar-style":"default","ast-global-header-display":"","ast-banner-title-visibility":"","ast-main-header-display":"","ast-hfb-above-header-display":"","ast-hfb-below-header-display":"","ast-hfb-mobile-header-display":"","site-post-title":"disabled","ast-breadcrumbs-content":"","ast-featured-img":"disabled","footer-sml-layout":"","ast-disable-related-posts":"","theme-transparent-header-meta":"","adv-header-id-meta":"","stick-header-meta":"","header-above-stick-meta":"","header-main-stick-meta":"","header-below-stick-meta":"","astra-migrate-meta-layouts":"default","ast-page-background-enabled":"default","ast-page-background-meta":{"desktop":{"background-color":"var(--ast-global-color-4)","background-image":"","background-repeat":"repeat","background-position":"center center","background-size":"auto","background-attachment":"scroll","background-type":"","background-media":"","overlay-type":"","overlay-color":"","overlay-opacity":"","overlay-gradient":""},"tablet":{"background-color":"","background-image":"","background-repeat":"repeat","background-position":"center center","background-size":"auto","background-attachment":"scroll","background-type":"","background-media":"","overlay-type":"","overlay-color":"","overlay-opacity":"","overlay-gradient":""},"mobile":{"background-color":"","background-image":"","background-repeat":"repeat","background-position":"center center","background-size":"auto","background-attachment":"scroll","background-type":"","background-media":"","overlay-type":"","overlay-color":"","overlay-opacity":"","overlay-gradient":""}},"ast-content-background-meta":{"desktop":{"background-color":"var(--ast-global-color-5)","background-image":"","background-repeat":"repeat","background-position":"center center","background-size":"auto","background-attachment":"scroll","background-type":"","background-media":"","overlay-type":"","overlay-color":"","overlay-opacity":"","overlay-gradient":""},"tablet":{"background-color":"var(--ast-global-color-5)","background-image":"","background-repeat":"repeat","background-position":"center center","background-size":"auto","background-attachment":"scroll","background-type":"","background-media":"","overlay-type":"","overlay-color":"","overlay-opacity":"","overlay-gradient":""},"mobile":{"background-color":"var(--ast-global-color-5)","background-image":"","background-repeat":"repeat","background-position":"center center","background-size":"auto","background-attachment":"scroll","background-type":"","background-media":"","overlay-type":"","overlay-color":"","overlay-opacity":"","overlay-gradient":""}},"footnotes":""},"class_list":["post-63360","page","type-page","status-publish","has-post-thumbnail","hentry"],"yoast_head":"<!-- This site is optimized with the Yoast SEO plugin v27.4 - https:\/\/yoast.com\/product\/yoast-seo-wordpress\/ -->\n<title>Blog | Aktuelles zur Deutschen Schule San Sebasti\u00e1n<\/title>\n<meta name=\"description\" content=\"Aktuelle Neuigkeiten der Deutschen Schule San Sebasti\u00e1n. Folgen Sie unserem Blog, um \u00fcber Aktivit\u00e4ten, Ausfl\u00fcge und Veranstaltungen auf dem Laufenden zu bleiben.\" \/>\n<meta name=\"robots\" content=\"index, follow, max-snippet:-1, max-image-preview:large, max-video-preview:-1\" \/>\n<link rel=\"canonical\" href=\"https:\/\/colegioaleman.net\/de\/blog\/\" \/>\n<meta property=\"og:locale\" content=\"de_DE\" \/>\n<meta property=\"og:type\" content=\"article\" \/>\n<meta property=\"og:title\" content=\"Blog | Aktuelles zur Deutschen Schule San Sebasti\u00e1n\" \/>\n<meta property=\"og:description\" content=\"Aktuelle Neuigkeiten der Deutschen Schule San Sebasti\u00e1n. Folgen Sie unserem Blog, um \u00fcber Aktivit\u00e4ten, Ausfl\u00fcge und Veranstaltungen auf dem Laufenden zu bleiben.\" \/>\n<meta property=\"og:url\" content=\"https:\/\/colegioaleman.net\/de\/blog\/\" \/>\n<meta property=\"og:site_name\" content=\"Deutsche Schule San Sebasti&aacute;n\" \/>\n<meta property=\"article:modified_time\" content=\"2024-06-27T06:06:38+00:00\" \/>\n<meta property=\"og:image\" content=\"https:\/\/colegioaleman.net\/wp-content\/uploads\/Blog-Colegio-Aleman-Deutsche-Schule-San-Sebastian.jpg\" \/>\n\t<meta property=\"og:image:width\" content=\"1080\" \/>\n\t<meta property=\"og:image:height\" content=\"810\" \/>\n\t<meta property=\"og:image:type\" content=\"image\/jpeg\" \/>\n<meta name=\"twitter:card\" content=\"summary_large_image\" \/>\n<meta name=\"twitter:label1\" content=\"Gesch\u00e4tzte Lesezeit\" \/>\n\t<meta name=\"twitter:data1\" content=\"2\u00a0Minuten\" \/>\n<script type=\"application\/ld+json\" class=\"yoast-schema-graph\">{\"@context\":\"https:\\\/\\\/schema.org\",\"@graph\":[{\"@type\":\"WebPage\",\"@id\":\"https:\\\/\\\/colegioaleman.net\\\/de\\\/blog\\\/\",\"url\":\"https:\\\/\\\/colegioaleman.net\\\/de\\\/blog\\\/\",\"name\":\"Blog | Aktuelles zur Deutschen Schule San Sebasti\u00e1n\",\"isPartOf\":{\"@id\":\"https:\\\/\\\/colegioaleman.net\\\/de\\\/#website\"},\"primaryImageOfPage\":{\"@id\":\"https:\\\/\\\/colegioaleman.net\\\/de\\\/blog\\\/#primaryimage\"},\"image\":{\"@id\":\"https:\\\/\\\/colegioaleman.net\\\/de\\\/blog\\\/#primaryimage\"},\"thumbnailUrl\":\"https:\\\/\\\/colegioaleman.net\\\/wp-content\\\/uploads\\\/Blog-Colegio-Aleman-Deutsche-Schule-San-Sebastian.jpg\",\"datePublished\":\"2023-12-19T09:04:55+00:00\",\"dateModified\":\"2024-06-27T06:06:38+00:00\",\"description\":\"Aktuelle Neuigkeiten der Deutschen Schule San Sebasti\u00e1n. Folgen Sie unserem Blog, um \u00fcber Aktivit\u00e4ten, Ausfl\u00fcge und Veranstaltungen auf dem Laufenden zu bleiben.\",\"breadcrumb\":{\"@id\":\"https:\\\/\\\/colegioaleman.net\\\/de\\\/blog\\\/#breadcrumb\"},\"inLanguage\":\"de\",\"potentialAction\":[{\"@type\":\"ReadAction\",\"target\":[\"https:\\\/\\\/colegioaleman.net\\\/de\\\/blog\\\/\"]}]},{\"@type\":\"ImageObject\",\"inLanguage\":\"de\",\"@id\":\"https:\\\/\\\/colegioaleman.net\\\/de\\\/blog\\\/#primaryimage\",\"url\":\"https:\\\/\\\/colegioaleman.net\\\/wp-content\\\/uploads\\\/Blog-Colegio-Aleman-Deutsche-Schule-San-Sebastian.jpg\",\"contentUrl\":\"https:\\\/\\\/colegioaleman.net\\\/wp-content\\\/uploads\\\/Blog-Colegio-Aleman-Deutsche-Schule-San-Sebastian.jpg\",\"width\":1080,\"height\":810},{\"@type\":\"BreadcrumbList\",\"@id\":\"https:\\\/\\\/colegioaleman.net\\\/de\\\/blog\\\/#breadcrumb\",\"itemListElement\":[{\"@type\":\"ListItem\",\"position\":1,\"name\":\"Home\",\"item\":\"https:\\\/\\\/colegioaleman.net\\\/de\\\/\"},{\"@type\":\"ListItem\",\"position\":2,\"name\":\"Blog\"}]},{\"@type\":\"WebSite\",\"@id\":\"https:\\\/\\\/colegioaleman.net\\\/de\\\/#website\",\"url\":\"https:\\\/\\\/colegioaleman.net\\\/de\\\/\",\"name\":\"Deutsche Schule San Sebasti&aacute;n\",\"description\":\"Colegio Alem&aacute;n San Alberto Magno\",\"potentialAction\":[{\"@type\":\"SearchAction\",\"target\":{\"@type\":\"EntryPoint\",\"urlTemplate\":\"https:\\\/\\\/colegioaleman.net\\\/de\\\/?s={search_term_string}\"},\"query-input\":{\"@type\":\"PropertyValueSpecification\",\"valueRequired\":true,\"valueName\":\"search_term_string\"}}],\"inLanguage\":\"de\"}]}<\/script>\n<!-- \/ Yoast SEO plugin. -->","yoast_head_json":{"title":"Blog | Aktuelles zur Deutschen Schule San Sebasti\u00e1n","description":"Aktuelle Neuigkeiten der Deutschen Schule San Sebasti\u00e1n. Folgen Sie unserem Blog, um \u00fcber Aktivit\u00e4ten, Ausfl\u00fcge und Veranstaltungen auf dem Laufenden zu bleiben.","robots":{"index":"index","follow":"follow","max-snippet":"max-snippet:-1","max-image-preview":"max-image-preview:large","max-video-preview":"max-video-preview:-1"},"canonical":"https:\/\/colegioaleman.net\/de\/blog\/","og_locale":"de_DE","og_type":"article","og_title":"Blog | Aktuelles zur Deutschen Schule San Sebasti\u00e1n","og_description":"Aktuelle Neuigkeiten der Deutschen Schule San Sebasti\u00e1n. Folgen Sie unserem Blog, um \u00fcber Aktivit\u00e4ten, Ausfl\u00fcge und Veranstaltungen auf dem Laufenden zu bleiben.","og_url":"https:\/\/colegioaleman.net\/de\/blog\/","og_site_name":"Deutsche Schule San Sebasti&aacute;n","article_modified_time":"2024-06-27T06:06:38+00:00","og_image":[{"width":1080,"height":810,"url":"https:\/\/colegioaleman.net\/wp-content\/uploads\/Blog-Colegio-Aleman-Deutsche-Schule-San-Sebastian.jpg","type":"image\/jpeg"}],"twitter_card":"summary_large_image","twitter_misc":{"Gesch\u00e4tzte Lesezeit":"2\u00a0Minuten"},"schema":{"@context":"https:\/\/schema.org","@graph":[{"@type":"WebPage","@id":"https:\/\/colegioaleman.net\/de\/blog\/","url":"https:\/\/colegioaleman.net\/de\/blog\/","name":"Blog | Aktuelles zur Deutschen Schule San Sebasti\u00e1n","isPartOf":{"@id":"https:\/\/colegioaleman.net\/de\/#website"},"primaryImageOfPage":{"@id":"https:\/\/colegioaleman.net\/de\/blog\/#primaryimage"},"image":{"@id":"https:\/\/colegioaleman.net\/de\/blog\/#primaryimage"},"thumbnailUrl":"https:\/\/colegioaleman.net\/wp-content\/uploads\/Blog-Colegio-Aleman-Deutsche-Schule-San-Sebastian.jpg","datePublished":"2023-12-19T09:04:55+00:00","dateModified":"2024-06-27T06:06:38+00:00","description":"Aktuelle Neuigkeiten der Deutschen Schule San Sebasti\u00e1n. Folgen Sie unserem Blog, um \u00fcber Aktivit\u00e4ten, Ausfl\u00fcge und Veranstaltungen auf dem Laufenden zu bleiben.","breadcrumb":{"@id":"https:\/\/colegioaleman.net\/de\/blog\/#breadcrumb"},"inLanguage":"de","potentialAction":[{"@type":"ReadAction","target":["https:\/\/colegioaleman.net\/de\/blog\/"]}]},{"@type":"ImageObject","inLanguage":"de","@id":"https:\/\/colegioaleman.net\/de\/blog\/#primaryimage","url":"https:\/\/colegioaleman.net\/wp-content\/uploads\/Blog-Colegio-Aleman-Deutsche-Schule-San-Sebastian.jpg","contentUrl":"https:\/\/colegioaleman.net\/wp-content\/uploads\/Blog-Colegio-Aleman-Deutsche-Schule-San-Sebastian.jpg","width":1080,"height":810},{"@type":"BreadcrumbList","@id":"https:\/\/colegioaleman.net\/de\/blog\/#breadcrumb","itemListElement":[{"@type":"ListItem","position":1,"name":"Home","item":"https:\/\/colegioaleman.net\/de\/"},{"@type":"ListItem","position":2,"name":"Blog"}]},{"@type":"WebSite","@id":"https:\/\/colegioaleman.net\/de\/#website","url":"https:\/\/colegioaleman.net\/de\/","name":"Deutsche Schule San Sebasti&aacute;n","description":"Colegio Alem&aacute;n San Alberto Magno","potentialAction":[{"@type":"SearchAction","target":{"@type":"EntryPoint","urlTemplate":"https:\/\/colegioaleman.net\/de\/?s={search_term_string}"},"query-input":{"@type":"PropertyValueSpecification","valueRequired":true,"valueName":"search_term_string"}}],"inLanguage":"de"}]}},"_links":{"self":[{"href":"https:\/\/colegioaleman.net\/de\/wp-json\/wp\/v2\/pages\/63360","targetHints":{"allow":["GET"]}}],"collection":[{"href":"https:\/\/colegioaleman.net\/de\/wp-json\/wp\/v2\/pages"}],"about":[{"href":"https:\/\/colegioaleman.net\/de\/wp-json\/wp\/v2\/types\/page"}],"author":[{"embeddable":true,"href":"https:\/\/colegioaleman.net\/de\/wp-json\/wp\/v2\/users\/3"}],"replies":[{"embeddable":true,"href":"https:\/\/colegioaleman.net\/de\/wp-json\/wp\/v2\/comments?post=63360"}],"version-history":[{"count":0,"href":"https:\/\/colegioaleman.net\/de\/wp-json\/wp\/v2\/pages\/63360\/revisions"}],"wp:featuredmedia":[{"embeddable":true,"href":"https:\/\/colegioaleman.net\/de\/wp-json\/wp\/v2\/media\/67462"}],"wp:attachment":[{"href":"https:\/\/colegioaleman.net\/de\/wp-json\/wp\/v2\/media?parent=63360"}],"curies":[{"name":"wp","href":"https:\/\/api.w.org\/{rel}","templated":true}]}}